{"id":4904,"date":"2020-12-08T03:30:52","date_gmt":"2020-12-08T03:30:52","guid":{"rendered":"https:\/\/gaviaspreview.com\/wp\/paroti\/?page_id=2"},"modified":"2025-08-27T16:39:22","modified_gmt":"2025-08-27T16:39:22","slug":"blog-standard","status":"publish","type":"page","link":"https:\/\/congopeacenetwork.org\/?page_id=4904","title":{"rendered":"Nos Actualit\u00e9s"},"content":{"rendered":"\t\t<div data-elementor-type=\"wp-page\" data-elementor-id=\"4904\" class=\"elementor elementor-4904\">\n\t\t\t\t\t\t<section class=\"elementor-section elementor-top-section elementor-element elementor-element-8c6581b elementor-section-full_width elementor-section-height-default elementor-section-height-default\" data-id=\"8c6581b\" data-element_type=\"section\">\n\t\t\t\t\t\t<div class=\"elementor-container elementor-column-gap-default\">\n\t\t\t\t\t<div class=\"elementor-column elementor-col-100 elementor-top-column elementor-element elementor-element-d71550a\" data-id=\"d71550a\" data-element_type=\"column\">\n\t\t\t<div class=\"elementor-widget-wrap elementor-element-populated\">\n\t\t\t\t\t\t<div class=\"elementor-element elementor-element-0f82bca elementor-widget elementor-widget-gva_post_breadcrumb\" data-id=\"0f82bca\" data-element_type=\"widget\" data-widget_type=\"gva_post_breadcrumb.default\">\n\t\t\t\t<div class=\"elementor-widget-container\">\n\t\t\t\t\t<div class=\"gva-element-gva_post_breadcrumb gva-element\">   \r\n<div class=\"post-breadcrumb\">\r\n   <div class=\"custom-breadcrumb \" >\r\n            <div class=\"breadcrumb-main\">\r\n        <div class=\"container\">\r\n          <div class=\"breadcrumb-container-inner\">\r\n            <h2 class=\"heading-title\">Nos Actualit\u00e9s<\/h2>          <\/div>  \r\n        <\/div>   \r\n      <\/div>  \r\n   <\/div>\r\n<\/div>      \r\n\r\n<\/div>\t\t\t\t<\/div>\n\t\t\t\t<\/div>\n\t\t\t\t\t<\/div>\n\t\t<\/div>\n\t\t\t\t\t<\/div>\n\t\t<\/section>\n\t\t\t\t<section class=\"elementor-section elementor-top-section elementor-element elementor-element-67af41a elementor-section-boxed elementor-section-height-default elementor-section-height-default\" data-id=\"67af41a\" data-element_type=\"section\" data-settings=\"{&quot;background_background&quot;:&quot;classic&quot;}\">\n\t\t\t\t\t\t<div class=\"elementor-container elementor-column-gap-default\">\n\t\t\t\t\t<div class=\"elementor-column elementor-col-50 elementor-top-column elementor-element elementor-element-33d8502\" data-id=\"33d8502\" data-element_type=\"column\">\n\t\t\t<div class=\"elementor-widget-wrap elementor-element-populated\">\n\t\t\t\t\t\t<div class=\"elementor-element elementor-element-dc277d5 elementor-widget__width-inherit elementor-widget elementor-widget-gva-posts\" data-id=\"dc277d5\" data-element_type=\"widget\" data-widget_type=\"gva-posts.default\">\n\t\t\t\t<div class=\"elementor-widget-container\">\n\t\t\t\t\t<div class=\"gva-element-gva-posts gva-element\">  \r\n<div class=\"gva-posts-standard clearfix gva-posts\">\r\n\t\t\r\n\t<div class=\"gva-content-items cleafix\"> \r\n\t\t\t<div class=\"item-post\">\r\n   <article id=\"post-4881\" class=\"post post-style-standard post-4881 type-post status-publish format-standard has-post-thumbnail hentry category-uncategorized\">\r\n      \r\n               <div class=\"post-thumbnail\">\r\n            <a href=\"https:\/\/congopeacenetwork.org\/?p=4881\">\r\n               <img fetchpriority=\"high\" decoding=\"async\" width=\"900\" height=\"636\" src=\"https:\/\/congopeacenetwork.org\/wp-content\/uploads\/2024\/06\/VISUEL-2-1024x724-1.jpg\" class=\"attachment-large size-large wp-post-image\" alt=\"Conf\u00e9rence r\u00e9gionale de la paix : Que retenir du panel tenu par le Professeur Ntumba LUABA ?\" srcset=\"https:\/\/congopeacenetwork.org\/wp-content\/uploads\/2024\/06\/VISUEL-2-1024x724-1.jpg 1024w, https:\/\/congopeacenetwork.org\/wp-content\/uploads\/2024\/06\/VISUEL-2-1024x724-1-768x543.jpg 768w\" sizes=\"(max-width: 900px) 100vw, 900px\" \/>            <\/a>\r\n         <\/div>   \r\n         \r\n\r\n      <div class=\"entry-content has-thumbnail\">\r\n         <div class=\"content-inner\">\r\n            <div class=\"entry-meta\">\r\n               <div class=\"clearfix meta-inline post-meta-2\"><span class=\"entry-date\"><i class=\"far fa-calendar-alt\"><\/i>June 11, 2024<\/span><span class=\"author-seperate\">\/<\/span><span class=\"post-comment\"><i class=\"far fa-comments\"><\/i>0 comments<\/span><\/div>            <\/div> \r\n            <h3 class=\"entry-title\"><a href=\"https:\/\/congopeacenetwork.org\/?p=4881\" rel=\"bookmark\">Conf\u00e9rence r\u00e9gionale de la paix : Que retenir du panel tenu par le Professeur Ntumba LUABA ?<\/a><\/h3>\r\n                           <div class=\"entry-desc\">\r\n                  Lors de la conf\u00e9rence r\u00e9gionale sur la paix organis\u00e9e par Congo Peace Network et ses               <\/div>   \r\n                        <div class=\"read-more-2\">\r\n               <a class=\"btn-border-theme\" href=\"https:\/\/congopeacenetwork.org\/?p=4881\">Read more<\/a>\r\n            <\/div>\r\n         <\/div>\r\n\r\n      <\/div>\r\n   <\/article>   \r\n\r\n  <\/div><div class=\"item-post\">\r\n   <article id=\"post-4874\" class=\"post post-style-standard post-4874 type-post status-publish format-standard has-post-thumbnail hentry category-uncategorized tag-constitution tag-droits-de-lhomme tag-goma tag-libertes-publiques tag-rdc\">\r\n      \r\n               <div class=\"post-thumbnail\">\r\n            <a href=\"https:\/\/congopeacenetwork.org\/?p=4874\">\r\n               <img decoding=\"async\" width=\"900\" height=\"596\" src=\"https:\/\/congopeacenetwork.org\/wp-content\/uploads\/2024\/04\/11-Day-2-1536x1017-1-1024x678.jpg\" class=\"attachment-large size-large wp-post-image\" alt=\"Goma : Des victimes des violences li\u00e9es aux conflits s\u2019impliquent dans le processus de paix en cours en RDC.\" srcset=\"https:\/\/congopeacenetwork.org\/wp-content\/uploads\/2024\/04\/11-Day-2-1536x1017-1-1024x678.jpg 1024w, https:\/\/congopeacenetwork.org\/wp-content\/uploads\/2024\/04\/11-Day-2-1536x1017-1-768x509.jpg 768w, https:\/\/congopeacenetwork.org\/wp-content\/uploads\/2024\/04\/11-Day-2-1536x1017-1.jpg 1536w\" sizes=\"(max-width: 900px) 100vw, 900px\" \/>            <\/a>\r\n         <\/div>   \r\n         \r\n\r\n      <div class=\"entry-content has-thumbnail\">\r\n         <div class=\"content-inner\">\r\n            <div class=\"entry-meta\">\r\n               <div class=\"clearfix meta-inline post-meta-2\"><span class=\"entry-date\"><i class=\"far fa-calendar-alt\"><\/i>April 10, 2024<\/span><span class=\"author-seperate\">\/<\/span><span class=\"post-comment\"><i class=\"far fa-comments\"><\/i>0 comments<\/span><\/div>            <\/div> \r\n            <h3 class=\"entry-title\"><a href=\"https:\/\/congopeacenetwork.org\/?p=4874\" rel=\"bookmark\">Goma : Des victimes des violences li\u00e9es aux conflits s\u2019impliquent dans le processus de paix en cours en RDC.<\/a><\/h3>\r\n                           <div class=\"entry-desc\">\r\n                  Congo Peace Network a organis\u00e9 une assembl\u00e9e g\u00e9n\u00e9rale avec des personnes d\u00e9plac\u00e9es internes r\u00e9sidant dans               <\/div>   \r\n                        <div class=\"read-more-2\">\r\n               <a class=\"btn-border-theme\" href=\"https:\/\/congopeacenetwork.org\/?p=4874\">Read more<\/a>\r\n            <\/div>\r\n         <\/div>\r\n\r\n      <\/div>\r\n   <\/article>   \r\n\r\n  <\/div><div class=\"item-post\">\r\n   <article id=\"post-4861\" class=\"post post-style-standard post-4861 type-post status-publish format-standard has-post-thumbnail hentry category-uncategorized\">\r\n      \r\n               <div class=\"post-thumbnail\">\r\n            <a href=\"https:\/\/congopeacenetwork.org\/?p=4861\">\r\n               <img decoding=\"async\" width=\"900\" height=\"600\" src=\"https:\/\/congopeacenetwork.org\/wp-content\/uploads\/2024\/03\/WisePhotos-225-1536x1024-1-1024x683.jpg\" class=\"attachment-large size-large wp-post-image\" alt=\"Goma\u00a0: Conf\u00e9rence r\u00e9gionale sur la paix\" srcset=\"https:\/\/congopeacenetwork.org\/wp-content\/uploads\/2024\/03\/WisePhotos-225-1536x1024-1-1024x683.jpg 1024w, https:\/\/congopeacenetwork.org\/wp-content\/uploads\/2024\/03\/WisePhotos-225-1536x1024-1-768x512.jpg 768w, https:\/\/congopeacenetwork.org\/wp-content\/uploads\/2024\/03\/WisePhotos-225-1536x1024-1.jpg 1536w\" sizes=\"(max-width: 900px) 100vw, 900px\" \/>            <\/a>\r\n         <\/div>   \r\n         \r\n\r\n      <div class=\"entry-content has-thumbnail\">\r\n         <div class=\"content-inner\">\r\n            <div class=\"entry-meta\">\r\n               <div class=\"clearfix meta-inline post-meta-2\"><span class=\"entry-date\"><i class=\"far fa-calendar-alt\"><\/i>March 12, 2024<\/span><span class=\"author-seperate\">\/<\/span><span class=\"post-comment\"><i class=\"far fa-comments\"><\/i>0 comments<\/span><\/div>            <\/div> \r\n            <h3 class=\"entry-title\"><a href=\"https:\/\/congopeacenetwork.org\/?p=4861\" rel=\"bookmark\">Goma\u00a0: Conf\u00e9rence r\u00e9gionale sur la paix<\/a><\/h3>\r\n                           <div class=\"entry-desc\">\r\n                  Du vendredi 23 au samedi 24 f\u00e9vrier dernier, les activit\u00e9s se sont d\u00e9roul\u00e9es dans la               <\/div>   \r\n                        <div class=\"read-more-2\">\r\n               <a class=\"btn-border-theme\" href=\"https:\/\/congopeacenetwork.org\/?p=4861\">Read more<\/a>\r\n            <\/div>\r\n         <\/div>\r\n\r\n      <\/div>\r\n   <\/article>   \r\n\r\n  <\/div><div class=\"item-post\">\r\n   <article id=\"post-4829\" class=\"post post-style-standard post-4829 type-post status-publish format-standard has-post-thumbnail hentry category-activites category-actualites\">\r\n      \r\n               <div class=\"post-thumbnail\">\r\n            <a href=\"https:\/\/congopeacenetwork.org\/?p=4829\">\r\n               <img loading=\"lazy\" decoding=\"async\" width=\"501\" height=\"750\" src=\"https:\/\/congopeacenetwork.org\/wp-content\/uploads\/2024\/01\/PHOTO-2024-01-29-10-19-40-501x750-1.jpg\" class=\"attachment-large size-large wp-post-image\" alt=\"Ateliers de formation sur les droits et les devoirs du citoyen pendant le processus \u00e9lectoral avec le financement de Ned\" \/>            <\/a>\r\n         <\/div>   \r\n         \r\n\r\n      <div class=\"entry-content has-thumbnail\">\r\n         <div class=\"content-inner\">\r\n            <div class=\"entry-meta\">\r\n               <div class=\"clearfix meta-inline post-meta-2\"><span class=\"entry-date\"><i class=\"far fa-calendar-alt\"><\/i>January 29, 2024<\/span><span class=\"author-seperate\">\/<\/span><span class=\"post-comment\"><i class=\"far fa-comments\"><\/i>0 comments<\/span><\/div>            <\/div> \r\n            <h3 class=\"entry-title\"><a href=\"https:\/\/congopeacenetwork.org\/?p=4829\" rel=\"bookmark\">Ateliers de formation sur les droits et les devoirs du citoyen pendant le processus \u00e9lectoral avec le financement de Ned<\/a><\/h3>\r\n                           <div class=\"entry-desc\">\r\n                  Ateliers de formation sur les droits et les devoirs du citoyen pendant le processus \u00e9lectoral               <\/div>   \r\n                        <div class=\"read-more-2\">\r\n               <a class=\"btn-border-theme\" href=\"https:\/\/congopeacenetwork.org\/?p=4829\">Read more<\/a>\r\n            <\/div>\r\n         <\/div>\r\n\r\n      <\/div>\r\n   <\/article>   \r\n\r\n  <\/div><div class=\"item-post\">\r\n   <article id=\"post-4788\" class=\"post post-style-standard post-4788 type-post status-publish format-standard has-post-thumbnail hentry category-actualites category-offre-demploi tag-congo-peace-network tag-offre-emploi\">\r\n      \r\n               <div class=\"post-thumbnail\">\r\n            <a href=\"https:\/\/congopeacenetwork.org\/?p=4788\">\r\n                           <\/a>\r\n         <\/div>   \r\n         \r\n\r\n      <div class=\"entry-content has-thumbnail\">\r\n         <div class=\"content-inner\">\r\n            <div class=\"entry-meta\">\r\n               <div class=\"clearfix meta-inline post-meta-2\"><span class=\"entry-date\"><i class=\"far fa-calendar-alt\"><\/i>September 14, 2022<\/span><\/div>            <\/div> \r\n            <h3 class=\"entry-title\"><a href=\"https:\/\/congopeacenetwork.org\/?p=4788\" rel=\"bookmark\">Offres d&#8217;emploi &#8211; expirant le 17 Septembre 2022<\/a><\/h3>\r\n                        <div class=\"read-more-2\">\r\n               <a class=\"btn-border-theme\" href=\"https:\/\/congopeacenetwork.org\/?p=4788\">Read more<\/a>\r\n            <\/div>\r\n         <\/div>\r\n\r\n      <\/div>\r\n   <\/article>   \r\n\r\n  <\/div><div class=\"item-post\">\r\n   <article id=\"post-4779\" class=\"post post-style-standard post-4779 type-post status-publish format-standard has-post-thumbnail hentry category-uncategorized\">\r\n      \r\n               <div class=\"post-thumbnail\">\r\n            <a href=\"https:\/\/congopeacenetwork.org\/?p=4779\">\r\n                           <\/a>\r\n         <\/div>   \r\n         \r\n\r\n      <div class=\"entry-content has-thumbnail\">\r\n         <div class=\"content-inner\">\r\n            <div class=\"entry-meta\">\r\n               <div class=\"clearfix meta-inline post-meta-2\"><span class=\"entry-date\"><i class=\"far fa-calendar-alt\"><\/i>October 15, 2021<\/span><span class=\"author-seperate\">\/<\/span><span class=\"post-comment\"><i class=\"far fa-comments\"><\/i>1 comment<\/span><\/div>            <\/div> \r\n            <h3 class=\"entry-title\"><a href=\"https:\/\/congopeacenetwork.org\/?p=4779\" rel=\"bookmark\">Causerie-d\u00e9bat sur la sexualit\u00e9 : Quels sont les r\u00f4les des parents dans l\u2019\u00e9ducation sexuelle des jeunes adolescentes et adolescents ?<\/a><\/h3>\r\n                           <div class=\"entry-desc\">\r\n                  En date du 15 Octobre 2021, Congo Peace Network a tenu une s\u00e9ance de causerie-d\u00e9bat               <\/div>   \r\n                        <div class=\"read-more-2\">\r\n               <a class=\"btn-border-theme\" href=\"https:\/\/congopeacenetwork.org\/?p=4779\">Read more<\/a>\r\n            <\/div>\r\n         <\/div>\r\n\r\n      <\/div>\r\n   <\/article>   \r\n\r\n  <\/div><div class=\"item-post\">\r\n   <article id=\"post-4774\" class=\"post post-style-standard post-4774 type-post status-publish format-standard has-post-thumbnail hentry category-uncategorized\">\r\n      \r\n               <div class=\"post-thumbnail\">\r\n            <a href=\"https:\/\/congopeacenetwork.org\/?p=4774\">\r\n                           <\/a>\r\n         <\/div>   \r\n         \r\n\r\n      <div class=\"entry-content has-thumbnail\">\r\n         <div class=\"content-inner\">\r\n            <div class=\"entry-meta\">\r\n               <div class=\"clearfix meta-inline post-meta-2\"><span class=\"entry-date\"><i class=\"far fa-calendar-alt\"><\/i>October 14, 2021<\/span><span class=\"author-seperate\">\/<\/span><span class=\"post-comment\"><i class=\"far fa-comments\"><\/i>1 comment<\/span><\/div>            <\/div> \r\n            <h3 class=\"entry-title\"><a href=\"https:\/\/congopeacenetwork.org\/?p=4774\" rel=\"bookmark\">Faire des jeunes adolescentes et adolescents des pairs \u00e9ducateurs dans leurs \u00e9coles, les \u00e9glises et la communaut\u00e9<\/a><\/h3>\r\n                           <div class=\"entry-desc\">\r\n                  Du 13 au 14 Octobre 2021, Congo Peace Network a tenu un atelier de formation               <\/div>   \r\n                        <div class=\"read-more-2\">\r\n               <a class=\"btn-border-theme\" href=\"https:\/\/congopeacenetwork.org\/?p=4774\">Read more<\/a>\r\n            <\/div>\r\n         <\/div>\r\n\r\n      <\/div>\r\n   <\/article>   \r\n\r\n  <\/div><div class=\"item-post\">\r\n   <article id=\"post-4766\" class=\"post post-style-standard post-4766 type-post status-publish format-standard has-post-thumbnail hentry category-uncategorized\">\r\n      \r\n               <div class=\"post-thumbnail\">\r\n            <a href=\"https:\/\/congopeacenetwork.org\/?p=4766\">\r\n                           <\/a>\r\n         <\/div>   \r\n         \r\n\r\n      <div class=\"entry-content has-thumbnail\">\r\n         <div class=\"content-inner\">\r\n            <div class=\"entry-meta\">\r\n               <div class=\"clearfix meta-inline post-meta-2\"><span class=\"entry-date\"><i class=\"far fa-calendar-alt\"><\/i>October 13, 2021<\/span><span class=\"author-seperate\">\/<\/span><span class=\"post-comment\"><i class=\"far fa-comments\"><\/i>0 comments<\/span><\/div>            <\/div> \r\n            <h3 class=\"entry-title\"><a href=\"https:\/\/congopeacenetwork.org\/?p=4766\" rel=\"bookmark\">Sensibilisation des jeunes filles de Goma sur la sant\u00e9 sexuelle et reproductive : m\u00e9canisme de pr\u00e9vention contre les IST et MST en province du Nord-Kivu<\/a><\/h3>\r\n                           <div class=\"entry-desc\">\r\n                  Congo Peace Network, avec l\u2019appui du fonds pour les Femmes Congolaises (FFC) a lanc\u00e9 \u00e0               <\/div>   \r\n                        <div class=\"read-more-2\">\r\n               <a class=\"btn-border-theme\" href=\"https:\/\/congopeacenetwork.org\/?p=4766\">Read more<\/a>\r\n            <\/div>\r\n         <\/div>\r\n\r\n      <\/div>\r\n   <\/article>   \r\n\r\n  <\/div><div class=\"item-post\">\r\n   <article id=\"post-4762\" class=\"post post-style-standard post-4762 type-post status-publish format-standard has-post-thumbnail hentry category-uncategorized\">\r\n      \r\n               <div class=\"post-thumbnail\">\r\n            <a href=\"https:\/\/congopeacenetwork.org\/?p=4762\">\r\n                           <\/a>\r\n         <\/div>   \r\n         \r\n\r\n      <div class=\"entry-content has-thumbnail\">\r\n         <div class=\"content-inner\">\r\n            <div class=\"entry-meta\">\r\n               <div class=\"clearfix meta-inline post-meta-2\"><span class=\"entry-date\"><i class=\"far fa-calendar-alt\"><\/i>September 24, 2021<\/span><span class=\"author-seperate\">\/<\/span><span class=\"post-comment\"><i class=\"far fa-comments\"><\/i>0 comments<\/span><\/div>            <\/div> \r\n            <h3 class=\"entry-title\"><a href=\"https:\/\/congopeacenetwork.org\/?p=4762\" rel=\"bookmark\">#PeaceDay2021 : L\u2019impact de l\u2019\u00e9tat de si\u00e8ge dans la consolidation de la paix dans l\u2019Est de la RDC au c\u0153ur d\u2019une journ\u00e9e de r\u00e9flexion au sein de Congo Peace Network<\/a><\/h3>\r\n                           <div class=\"entry-desc\">\r\n                  Instaur\u00e9 le 6 Mai 2021 au Nord-Kivu et en Ituri, l\u2019\u00e9tat de si\u00e8ge avait pour               <\/div>   \r\n                        <div class=\"read-more-2\">\r\n               <a class=\"btn-border-theme\" href=\"https:\/\/congopeacenetwork.org\/?p=4762\">Read more<\/a>\r\n            <\/div>\r\n         <\/div>\r\n\r\n      <\/div>\r\n   <\/article>   \r\n\r\n  <\/div><div class=\"item-post\">\r\n   <article id=\"post-4756\" class=\"post post-style-standard post-4756 type-post status-publish format-standard has-post-thumbnail hentry category-activites category-clubs category-conference category-formations category-modules-cpn category-non-violence-active tag-apologie-des-crimes tag-discours-de-haine tag-droits-de-lhomme tag-facebook tag-internet tag-reseaux-sociaux tag-twitter\">\r\n      \r\n               <div class=\"post-thumbnail\">\r\n            <a href=\"https:\/\/congopeacenetwork.org\/?p=4756\">\r\n                           <\/a>\r\n         <\/div>   \r\n         \r\n\r\n      <div class=\"entry-content has-thumbnail\">\r\n         <div class=\"content-inner\">\r\n            <div class=\"entry-meta\">\r\n               <div class=\"clearfix meta-inline post-meta-2\"><span class=\"entry-date\"><i class=\"far fa-calendar-alt\"><\/i>September 17, 2021<\/span><span class=\"author-seperate\">\/<\/span><span class=\"post-comment\"><i class=\"far fa-comments\"><\/i>0 comments<\/span><\/div>            <\/div> \r\n            <h3 class=\"entry-title\"><a href=\"https:\/\/congopeacenetwork.org\/?p=4756\" rel=\"bookmark\">Internet, discours de haine, apologie des crimes et droits de l\u2019homme : Attention !<\/a><\/h3>\r\n                           <div class=\"entry-desc\">\r\n                  L\u2019internet s\u2019est av\u00e9r\u00e9 un terrain particuli\u00e8rement fertile pour l\u2019\u00e9mergence et l\u2019expansion de discours haineux. Chaque               <\/div>   \r\n                        <div class=\"read-more-2\">\r\n               <a class=\"btn-border-theme\" href=\"https:\/\/congopeacenetwork.org\/?p=4756\">Read more<\/a>\r\n            <\/div>\r\n         <\/div>\r\n\r\n      <\/div>\r\n   <\/article>   \r\n\r\n  <\/div>\r\n\t\t\t\t\t<div class=\"pagination\">\r\n\t\t\t\t<div class=\"column one pager_wrapper\"><div class=\"pager\"><div class=\"paginations\"><a href=\"https:\/\/congopeacenetwork.org\/index.php?rest_route=%2Fwp%2Fv2%2Fpages%2F4904\" class=\"page-item active\">1<\/a><a href=\"https:\/\/congopeacenetwork.org\/index.php?rest_route=%2Fwp%2Fv2%2Fpages%2F4904&#038;paged=2\" class=\"page-item\">2<\/a><a href=\"https:\/\/congopeacenetwork.org\/index.php?rest_route=%2Fwp%2Fv2%2Fpages%2F4904&#038;paged=3\" class=\"page-item\">3<\/a><span class=\"page-item\">... <\/span><a href=\"https:\/\/congopeacenetwork.org\/index.php?rest_route=%2Fwp%2Fv2%2Fpages%2F4904&#038;paged=17\" class=\"page-item\">17<\/a><a class=\"next_page\" href=\"https:\/\/congopeacenetwork.org\/index.php?rest_route=%2Fwp%2Fv2%2Fpages%2F4904&#038;paged=2\"><i class=\"fas fa-chevron-right\"><\/i><\/a><\/div><\/div><\/div>\n\t\t\t<\/div>\r\n\t\t\t<\/div>\r\n\r\n<\/div>\r\n\r\n<\/div>\t\t\t\t<\/div>\n\t\t\t\t<\/div>\n\t\t\t\t\t<\/div>\n\t\t<\/div>\n\t\t\t\t<div class=\"elementor-column elementor-col-50 elementor-top-column elementor-element elementor-element-28ed83e\" data-id=\"28ed83e\" data-element_type=\"column\">\n\t\t\t<div class=\"elementor-widget-wrap elementor-element-populated\">\n\t\t\t\t\t\t<div class=\"elementor-element elementor-element-138b788 elementor-widget elementor-widget-wp-widget-categories\" data-id=\"138b788\" data-element_type=\"widget\" data-widget_type=\"wp-widget-categories.default\">\n\t\t\t\t<div class=\"elementor-widget-container\">\n\t\t\t\t\t<h5>Toutes les cat\u00e9gories<\/h5>\n\t\t\t<ul>\n\t\t\t\t\t<li class=\"cat-item cat-item-2\"><a href=\"https:\/\/congopeacenetwork.org\/?cat=2\">activit\u00e9s<\/a>\n<\/li>\n\t<li class=\"cat-item cat-item-3\"><a href=\"https:\/\/congopeacenetwork.org\/?cat=3\">Actualit\u00e9s<\/a>\n<\/li>\n\t<li class=\"cat-item cat-item-4\"><a href=\"https:\/\/congopeacenetwork.org\/?cat=4\">American Shelf<\/a>\n<\/li>\n\t<li class=\"cat-item cat-item-5\"><a href=\"https:\/\/congopeacenetwork.org\/?cat=5\">Anglais<\/a>\n<\/li>\n\t<li class=\"cat-item cat-item-6\"><a href=\"https:\/\/congopeacenetwork.org\/?cat=6\">Clubs<\/a>\n<\/li>\n\t<li class=\"cat-item cat-item-7\"><a href=\"https:\/\/congopeacenetwork.org\/?cat=7\">Conf\u00e9rence<\/a>\n<\/li>\n\t<li class=\"cat-item cat-item-8\"><a href=\"https:\/\/congopeacenetwork.org\/?cat=8\">Congo Dream<\/a>\n<\/li>\n\t<li class=\"cat-item cat-item-9\"><a href=\"https:\/\/congopeacenetwork.org\/?cat=9\">Droits Humains<\/a>\n<\/li>\n\t<li class=\"cat-item cat-item-10\"><a href=\"https:\/\/congopeacenetwork.org\/?cat=10\">Education \u00e9lectorale<\/a>\n<\/li>\n\t<li class=\"cat-item cat-item-11\"><a href=\"https:\/\/congopeacenetwork.org\/?cat=11\">Formations<\/a>\n<\/li>\n\t<li class=\"cat-item cat-item-12\"><a href=\"https:\/\/congopeacenetwork.org\/?cat=12\">Leadership<\/a>\n<\/li>\n\t<li class=\"cat-item cat-item-13\"><a href=\"https:\/\/congopeacenetwork.org\/?cat=13\">Mod\u00e8les de la jeunesse<\/a>\n<\/li>\n\t<li class=\"cat-item cat-item-14\"><a href=\"https:\/\/congopeacenetwork.org\/?cat=14\">Modules CPN<\/a>\n<\/li>\n\t<li class=\"cat-item cat-item-15\"><a href=\"https:\/\/congopeacenetwork.org\/?cat=15\">Non-Violence active<\/a>\n<\/li>\n\t<li class=\"cat-item cat-item-16\"><a href=\"https:\/\/congopeacenetwork.org\/?cat=16\">Notre Biblioth\u00e8que<\/a>\n<\/li>\n\t<li class=\"cat-item cat-item-17\"><a href=\"https:\/\/congopeacenetwork.org\/?cat=17\">Offre d&#039;Emploi<\/a>\n<\/li>\n\t<li class=\"cat-item cat-item-18\"><a href=\"https:\/\/congopeacenetwork.org\/?cat=18\">Plaidoyer<\/a>\n<\/li>\n\t<li class=\"cat-item cat-item-19\"><a href=\"https:\/\/congopeacenetwork.org\/?cat=19\">Tribune d&#039;Expression Citoyenne<\/a>\n<\/li>\n\t<li class=\"cat-item cat-item-1\"><a href=\"https:\/\/congopeacenetwork.org\/?cat=1\">Uncategorized<\/a>\n<\/li>\n\t<li class=\"cat-item cat-item-21\"><a href=\"https:\/\/congopeacenetwork.org\/?cat=21\">Volontariat<\/a>\n<\/li>\n\t\t\t<\/ul>\n\n\t\t\t\t\t\t\t<\/div>\n\t\t\t\t<\/div>\n\t\t\t\t<section class=\"elementor-section elementor-inner-section elementor-element elementor-element-274e2dc elementor-section-boxed elementor-section-height-default elementor-section-height-default\" data-id=\"274e2dc\" data-element_type=\"section\" data-settings=\"{&quot;background_background&quot;:&quot;classic&quot;}\">\n\t\t\t\t\t\t<div class=\"elementor-container elementor-column-gap-default\">\n\t\t\t\t\t<div class=\"elementor-column elementor-col-100 elementor-inner-column elementor-element elementor-element-2ad4a04\" data-id=\"2ad4a04\" data-element_type=\"column\">\n\t\t\t<div class=\"elementor-widget-wrap elementor-element-populated\">\n\t\t\t\t\t\t<div class=\"elementor-element elementor-element-a85e254 elementor-widget elementor-widget-gva-heading-block\" data-id=\"a85e254\" data-element_type=\"widget\" data-widget_type=\"gva-heading-block.default\">\n\t\t\t\t<div class=\"elementor-widget-container\">\n\t\t\t\t\t<div class=\"gva-element-gva-heading-block gva-element\">   <div class=\"align-left style-2 widget gsc-heading box-align-left auto-responsive\">\r\n      <div class=\"content-inner\">\r\n         \r\n                  \r\n           \r\n         \r\n                     <h2 class=\"title\">\r\n               <span>Articles R\u00e9centes <\/span>\r\n            <\/h2>\r\n                  \r\n         \r\n         \r\n      <\/div>\r\n   <\/div>\r\n<\/div>\t\t\t\t<\/div>\n\t\t\t\t<\/div>\n\t\t\t\t<div class=\"elementor-element elementor-element-fd1cbcf elementor-widget elementor-widget-gva-posts\" data-id=\"fd1cbcf\" data-element_type=\"widget\" data-widget_type=\"gva-posts.default\">\n\t\t\t\t<div class=\"elementor-widget-container\">\n\t\t\t\t\t<div class=\"gva-element-gva-posts gva-element\">  \r\n  <div class=\"gva-posts-list-small clearfix gva-posts\">\r\n      <div class=\"gva-content-items\"> \r\n         <div class=\"post post-block-small\">      \r\n   <div class=\"post-content\">\r\n      <div class=\"post-thumbnail\">\r\n         <a class=\"link-image-content\" href=\"https:\/\/congopeacenetwork.org\/?p=4881\">\r\n            <img loading=\"lazy\" decoding=\"async\" width=\"175\" height=\"175\" src=\"https:\/\/congopeacenetwork.org\/wp-content\/uploads\/2024\/06\/VISUEL-2-1024x724-1-175x175.jpg\" class=\"attachment-thumbnail size-thumbnail wp-post-image\" alt=\"\" \/>         <\/a>\r\n      <\/div>\r\n      <div class=\"content-inner\">\r\n         <div class=\"entry-meta clearfix\">\r\n            <div class=\"clearfix meta-inline post-meta-1\"><span class=\"author vcard\"><i class=\"far fa-user-circle\"><\/i>CPN-RDC<\/span><span class=\"post-comment\"><i class=\"far fa-comments\"><\/i>0 Comments<\/span><\/div>         <\/div> \r\n         <h3 class=\"entry-title\"><a href=\"https:\/\/congopeacenetwork.org\/?p=4881\">Conf\u00e9rence r\u00e9gionale de la paix : Que retenir du panel tenu par le Professeur Ntumba LUABA ?<\/a><\/h3> \r\n      <\/div>    \r\n   <\/div>   \r\n<\/div>\r\n\r\n  <div class=\"post post-block-small\">      \r\n   <div class=\"post-content\">\r\n      <div class=\"post-thumbnail\">\r\n         <a class=\"link-image-content\" href=\"https:\/\/congopeacenetwork.org\/?p=4874\">\r\n            <img loading=\"lazy\" decoding=\"async\" width=\"175\" height=\"175\" src=\"https:\/\/congopeacenetwork.org\/wp-content\/uploads\/2024\/04\/11-Day-2-1536x1017-1-175x175.jpg\" class=\"attachment-thumbnail size-thumbnail wp-post-image\" alt=\"\" \/>         <\/a>\r\n      <\/div>\r\n      <div class=\"content-inner\">\r\n         <div class=\"entry-meta clearfix\">\r\n            <div class=\"clearfix meta-inline post-meta-1\"><span class=\"author vcard\"><i class=\"far fa-user-circle\"><\/i>CPN-RDC<\/span><span class=\"post-comment\"><i class=\"far fa-comments\"><\/i>0 Comments<\/span><\/div>         <\/div> \r\n         <h3 class=\"entry-title\"><a href=\"https:\/\/congopeacenetwork.org\/?p=4874\">Goma : Des victimes des violences li\u00e9es aux conflits s\u2019impliquent dans le processus de paix en cours en RDC.<\/a><\/h3> \r\n      <\/div>    \r\n   <\/div>   \r\n<\/div>\r\n\r\n  <div class=\"post post-block-small\">      \r\n   <div class=\"post-content\">\r\n      <div class=\"post-thumbnail\">\r\n         <a class=\"link-image-content\" href=\"https:\/\/congopeacenetwork.org\/?p=4861\">\r\n            <img loading=\"lazy\" decoding=\"async\" width=\"175\" height=\"175\" src=\"https:\/\/congopeacenetwork.org\/wp-content\/uploads\/2024\/03\/WisePhotos-225-1536x1024-1-175x175.jpg\" class=\"attachment-thumbnail size-thumbnail wp-post-image\" alt=\"\" \/>         <\/a>\r\n      <\/div>\r\n      <div class=\"content-inner\">\r\n         <div class=\"entry-meta clearfix\">\r\n            <div class=\"clearfix meta-inline post-meta-1\"><span class=\"author vcard\"><i class=\"far fa-user-circle\"><\/i>CPN-RDC<\/span><span class=\"post-comment\"><i class=\"far fa-comments\"><\/i>0 Comments<\/span><\/div>         <\/div> \r\n         <h3 class=\"entry-title\"><a href=\"https:\/\/congopeacenetwork.org\/?p=4861\">Goma\u00a0: Conf\u00e9rence r\u00e9gionale sur la paix<\/a><\/h3> \r\n      <\/div>    \r\n   <\/div>   \r\n<\/div>\r\n\r\n        <\/div>\r\n        <\/div>\r\n  <\/div>\t\t\t\t<\/div>\n\t\t\t\t<\/div>\n\t\t\t\t\t<\/div>\n\t\t<\/div>\n\t\t\t\t\t<\/div>\n\t\t<\/section>\n\t\t\t\t<div class=\"elementor-element elementor-element-d303207 elementor-widget elementor-widget-wp-widget-tag_cloud\" data-id=\"d303207\" data-element_type=\"widget\" data-widget_type=\"wp-widget-tag_cloud.default\">\n\t\t\t\t<div class=\"elementor-widget-container\">\n\t\t\t\t\t<h5>Tags<\/h5><div class=\"tagcloud\"><a href=\"https:\/\/congopeacenetwork.org\/?tag=ambassadeur-italie\" class=\"tag-cloud-link tag-link-22 tag-link-position-1\" style=\"font-size: 8pt;\" aria-label=\"ambassadeur Italie (1 item)\">ambassadeur Italie<\/a>\n<a href=\"https:\/\/congopeacenetwork.org\/?tag=anrdc\" class=\"tag-cloud-link tag-link-23 tag-link-position-2\" style=\"font-size: 8pt;\" aria-label=\"ANRDC (1 item)\">ANRDC<\/a>\n<a href=\"https:\/\/congopeacenetwork.org\/?tag=apologie-des-crimes\" class=\"tag-cloud-link tag-link-24 tag-link-position-3\" style=\"font-size: 8pt;\" aria-label=\"apologie des crimes (1 item)\">apologie des crimes<\/a>\n<a href=\"https:\/\/congopeacenetwork.org\/?tag=bcnudh\" class=\"tag-cloud-link tag-link-25 tag-link-position-4\" style=\"font-size: 8pt;\" aria-label=\"BCNUDH (1 item)\">BCNUDH<\/a>\n<a href=\"https:\/\/congopeacenetwork.org\/?tag=ceni-rdc\" class=\"tag-cloud-link tag-link-26 tag-link-position-5\" style=\"font-size: 8pt;\" aria-label=\"CENI RDC (1 item)\">CENI RDC<\/a>\n<a href=\"https:\/\/congopeacenetwork.org\/?tag=congo-peace-network\" class=\"tag-cloud-link tag-link-27 tag-link-position-6\" style=\"font-size: 14.3pt;\" aria-label=\"Congo Peace Network (2 items)\">Congo Peace Network<\/a>\n<a href=\"https:\/\/congopeacenetwork.org\/?tag=constitution\" class=\"tag-cloud-link tag-link-28 tag-link-position-7\" style=\"font-size: 18.5pt;\" aria-label=\"Constitution (3 items)\">Constitution<\/a>\n<a href=\"https:\/\/congopeacenetwork.org\/?tag=counterpart-international\" class=\"tag-cloud-link tag-link-29 tag-link-position-8\" style=\"font-size: 8pt;\" aria-label=\"counterpart international (1 item)\">counterpart international<\/a>\n<a href=\"https:\/\/congopeacenetwork.org\/?tag=cybercriminalite\" class=\"tag-cloud-link tag-link-30 tag-link-position-9\" style=\"font-size: 8pt;\" aria-label=\"cybercriminalit\u00e9 (1 item)\">cybercriminalit\u00e9<\/a>\n<a href=\"https:\/\/congopeacenetwork.org\/?tag=discours-de-haine\" class=\"tag-cloud-link tag-link-32 tag-link-position-10\" style=\"font-size: 8pt;\" aria-label=\"discours de haine (1 item)\">discours de haine<\/a>\n<a href=\"https:\/\/congopeacenetwork.org\/?tag=droit-dauteur\" class=\"tag-cloud-link tag-link-33 tag-link-position-11\" style=\"font-size: 8pt;\" aria-label=\"droit d&#039;auteur (1 item)\">droit d&#039;auteur<\/a>\n<a href=\"https:\/\/congopeacenetwork.org\/?tag=droits-de-lhomme\" class=\"tag-cloud-link tag-link-34 tag-link-position-12\" style=\"font-size: 18.5pt;\" aria-label=\"Droits de l&#039;homme (3 items)\">Droits de l&#039;homme<\/a>\n<a href=\"https:\/\/congopeacenetwork.org\/?tag=education\" class=\"tag-cloud-link tag-link-35 tag-link-position-13\" style=\"font-size: 14.3pt;\" aria-label=\"Education (2 items)\">Education<\/a>\n<a href=\"https:\/\/congopeacenetwork.org\/?tag=elections\" class=\"tag-cloud-link tag-link-36 tag-link-position-14\" style=\"font-size: 8pt;\" aria-label=\"Elections (1 item)\">Elections<\/a>\n<a href=\"https:\/\/congopeacenetwork.org\/?tag=facebook\" class=\"tag-cloud-link tag-link-37 tag-link-position-15\" style=\"font-size: 8pt;\" aria-label=\"Facebook (1 item)\">Facebook<\/a>\n<a href=\"https:\/\/congopeacenetwork.org\/?tag=goma\" class=\"tag-cloud-link tag-link-39 tag-link-position-16\" style=\"font-size: 14.3pt;\" aria-label=\"goma (2 items)\">goma<\/a>\n<a href=\"https:\/\/congopeacenetwork.org\/?tag=idjwi\" class=\"tag-cloud-link tag-link-41 tag-link-position-17\" style=\"font-size: 8pt;\" aria-label=\"Idjwi (1 item)\">Idjwi<\/a>\n<a href=\"https:\/\/congopeacenetwork.org\/?tag=internet\" class=\"tag-cloud-link tag-link-42 tag-link-position-18\" style=\"font-size: 14.3pt;\" aria-label=\"Internet (2 items)\">Internet<\/a>\n<a href=\"https:\/\/congopeacenetwork.org\/?tag=journee-internationale-du-livre\" class=\"tag-cloud-link tag-link-43 tag-link-position-19\" style=\"font-size: 8pt;\" aria-label=\"journ\u00e9e internationale du livre (1 item)\">journ\u00e9e internationale du livre<\/a>\n<a href=\"https:\/\/congopeacenetwork.org\/?tag=lecture\" class=\"tag-cloud-link tag-link-44 tag-link-position-20\" style=\"font-size: 8pt;\" aria-label=\"lecture (1 item)\">lecture<\/a>\n<a href=\"https:\/\/congopeacenetwork.org\/?tag=libertes-publiques\" class=\"tag-cloud-link tag-link-45 tag-link-position-21\" style=\"font-size: 22pt;\" aria-label=\"libert\u00e9s publiques (4 items)\">libert\u00e9s publiques<\/a>\n<a href=\"https:\/\/congopeacenetwork.org\/?tag=livre\" class=\"tag-cloud-link tag-link-46 tag-link-position-22\" style=\"font-size: 8pt;\" aria-label=\"livre (1 item)\">livre<\/a>\n<a href=\"https:\/\/congopeacenetwork.org\/?tag=luca-attanassio\" class=\"tag-cloud-link tag-link-47 tag-link-position-23\" style=\"font-size: 8pt;\" aria-label=\"luca attanassio (1 item)\">luca attanassio<\/a>\n<a href=\"https:\/\/congopeacenetwork.org\/?tag=module\" class=\"tag-cloud-link tag-link-48 tag-link-position-24\" style=\"font-size: 8pt;\" aria-label=\"Module (1 item)\">Module<\/a>\n<a href=\"https:\/\/congopeacenetwork.org\/?tag=numerique\" class=\"tag-cloud-link tag-link-50 tag-link-position-25\" style=\"font-size: 8pt;\" aria-label=\"Num\u00e9rique (1 item)\">Num\u00e9rique<\/a>\n<a href=\"https:\/\/congopeacenetwork.org\/?tag=nyiragongo\" class=\"tag-cloud-link tag-link-51 tag-link-position-26\" style=\"font-size: 8pt;\" aria-label=\"nyiragongo (1 item)\">nyiragongo<\/a>\n<a href=\"https:\/\/congopeacenetwork.org\/?tag=offre-emploi\" class=\"tag-cloud-link tag-link-53 tag-link-position-27\" style=\"font-size: 8pt;\" aria-label=\"offre emploi (1 item)\">offre emploi<\/a>\n<a href=\"https:\/\/congopeacenetwork.org\/?tag=osisa\" class=\"tag-cloud-link tag-link-54 tag-link-position-28\" style=\"font-size: 8pt;\" aria-label=\"OSISA (1 item)\">OSISA<\/a>\n<a href=\"https:\/\/congopeacenetwork.org\/?tag=presidencerdc\" class=\"tag-cloud-link tag-link-55 tag-link-position-29\" style=\"font-size: 8pt;\" aria-label=\"PRESIDENCERDC (1 item)\">PRESIDENCERDC<\/a>\n<a href=\"https:\/\/congopeacenetwork.org\/?tag=rdc\" class=\"tag-cloud-link tag-link-56 tag-link-position-30\" style=\"font-size: 18.5pt;\" aria-label=\"RDC (3 items)\">RDC<\/a>\n<a href=\"https:\/\/congopeacenetwork.org\/?tag=reseaux-sociaux\" class=\"tag-cloud-link tag-link-57 tag-link-position-31\" style=\"font-size: 8pt;\" aria-label=\"r\u00e9seaux sociaux (1 item)\">r\u00e9seaux sociaux<\/a>\n<a href=\"https:\/\/congopeacenetwork.org\/?tag=semaine-du-livre\" class=\"tag-cloud-link tag-link-58 tag-link-position-32\" style=\"font-size: 8pt;\" aria-label=\"semaine du livre (1 item)\">semaine du livre<\/a>\n<a href=\"https:\/\/congopeacenetwork.org\/?tag=twitter\" class=\"tag-cloud-link tag-link-61 tag-link-position-33\" style=\"font-size: 8pt;\" aria-label=\"Twitter (1 item)\">Twitter<\/a>\n<a href=\"https:\/\/congopeacenetwork.org\/?tag=ukaid\" class=\"tag-cloud-link tag-link-62 tag-link-position-34\" style=\"font-size: 8pt;\" aria-label=\"UKAID (1 item)\">UKAID<\/a>\n<a href=\"https:\/\/congopeacenetwork.org\/?tag=usaid\" class=\"tag-cloud-link tag-link-63 tag-link-position-35\" style=\"font-size: 8pt;\" aria-label=\"USAID (1 item)\">USAID<\/a><\/div>\n\t\t\t\t<\/div>\n\t\t\t\t<\/div>\n\t\t\t\t<section class=\"elementor-section elementor-inner-section elementor-element elementor-element-31b9f0b elementor-section-boxed elementor-section-height-default elementor-section-height-default\" data-id=\"31b9f0b\" data-element_type=\"section\" data-settings=\"{&quot;background_background&quot;:&quot;classic&quot;}\">\n\t\t\t\t\t\t\t<div class=\"elementor-background-overlay\"><\/div>\n\t\t\t\t\t\t\t<div class=\"elementor-container elementor-column-gap-default\">\n\t\t\t\t\t<div class=\"elementor-column elementor-col-100 elementor-inner-column elementor-element elementor-element-2606d9d\" data-id=\"2606d9d\" data-element_type=\"column\">\n\t\t\t<div class=\"elementor-widget-wrap elementor-element-populated\">\n\t\t\t\t\t\t<div class=\"elementor-element elementor-element-2846747 elementor-widget elementor-widget-gva-heading-block\" data-id=\"2846747\" data-element_type=\"widget\" data-widget_type=\"gva-heading-block.default\">\n\t\t\t\t<div class=\"elementor-widget-container\">\n\t\t\t\t\t<div class=\"gva-element-gva-heading-block gva-element\">   <div class=\"align-left style-1 widget gsc-heading box-align-left auto-responsive\">\r\n      <div class=\"content-inner\">\r\n         \r\n                  \r\n           \r\n         \r\n                     <h2 class=\"title\">\r\n               <span>Appuyons-les<\/span>\r\n            <\/h2>\r\n                  \r\n                     <div class=\"title-desc\">...<br>\nFormation continue en divers langues<\/div>\r\n         \r\n                     <div class=\"heading-action\">\r\n               \t\t  <a href=\"#\" class=\"btn-cta btn-theme \">\r\n\t\t\t <span>Plus d&#039;info<\/span>\r\n\t\t  <\/a>\r\n\r\n\t\t              <\/div>\r\n         \r\n      <\/div>\r\n   <\/div>\r\n<\/div>\t\t\t\t<\/div>\n\t\t\t\t<\/div>\n\t\t\t\t\t<\/div>\n\t\t<\/div>\n\t\t\t\t\t<\/div>\n\t\t<\/section>\n\t\t\t\t<section class=\"elementor-section elementor-inner-section elementor-element elementor-element-78932b6 elementor-section-boxed elementor-section-height-default elementor-section-height-default\" data-id=\"78932b6\" data-element_type=\"section\" data-settings=\"{&quot;background_background&quot;:&quot;classic&quot;}\">\n\t\t\t\t\t\t<div class=\"elementor-container elementor-column-gap-default\">\n\t\t\t\t\t<div class=\"elementor-column elementor-col-100 elementor-inner-column elementor-element elementor-element-083f576\" data-id=\"083f576\" data-element_type=\"column\" data-settings=\"{&quot;background_background&quot;:&quot;classic&quot;}\">\n\t\t\t<div class=\"elementor-widget-wrap elementor-element-populated\">\n\t\t\t\t\t\t<div class=\"elementor-element elementor-element-91afabc elementor-view-stacked elementor-shape-circle elementor-position-top elementor-mobile-position-top elementor-widget elementor-widget-icon-box\" data-id=\"91afabc\" data-element_type=\"widget\" data-widget_type=\"icon-box.default\">\n\t\t\t\t\t\t\t<div class=\"elementor-icon-box-wrapper\">\n\n\t\t\t\t\t\t<div class=\"elementor-icon-box-icon\">\n\t\t\t\t<span  class=\"elementor-icon\">\n\t\t\t\t<i aria-hidden=\"true\" class=\"fas fa-phone\"><\/i>\t\t\t\t<\/span>\n\t\t\t<\/div>\n\t\t\t\n\t\t\t\t\t\t<div class=\"elementor-icon-box-content\">\n\n\t\t\t\t\t\t\t\t\t<h3 class=\"elementor-icon-box-title\">\n\t\t\t\t\t\t<span  >\n\t\t\t\t\t\t\t+243852224225<br>+243992615452<br>+243813737430\t\t\t\t\t\t<\/span>\n\t\t\t\t\t<\/h3>\n\t\t\t\t\n\t\t\t\t\t\t\t\t\t<p class=\"elementor-icon-box-description\">\n\t\t\t\t\t\tinfo@congopeacenetwork.org\t\t\t\t\t<\/p>\n\t\t\t\t\n\t\t\t<\/div>\n\t\t\t\n\t\t<\/div>\n\t\t\t\t\t\t<\/div>\n\t\t\t\t<div class=\"elementor-element elementor-element-7818e9c elementor-align-center elementor-widget elementor-widget-button\" data-id=\"7818e9c\" data-element_type=\"widget\" data-widget_type=\"button.default\">\n\t\t\t\t\t\t\t\t\t\t<a class=\"elementor-button elementor-button-link elementor-size-sm\" href=\"https:\/\/congopeacenetwork.org\/?page_id=22\">\n\t\t\t\t\t\t<span class=\"elementor-button-content-wrapper\">\n\t\t\t\t\t\t\t\t\t<span class=\"elementor-button-text\">Contactez-nous<\/span>\n\t\t\t\t\t<\/span>\n\t\t\t\t\t<\/a>\n\t\t\t\t\t\t\t\t<\/div>\n\t\t\t\t\t<\/div>\n\t\t<\/div>\n\t\t\t\t\t<\/div>\n\t\t<\/section>\n\t\t\t\t\t<\/div>\n\t\t<\/div>\n\t\t\t\t\t<\/div>\n\t\t<\/section>\n\t\t\t\t<\/div>\n\t\t","protected":false},"excerpt":{"rendered":"<p>Hello world! June 11, 2024\/0 comments Conf\u00e9rence r\u00e9gionale de la paix : Que retenir du panel tenu par le Professeur Ntumba LUABA ? Lors de la conf\u00e9rence r\u00e9gionale sur la [&hellip;]<\/p>\n","protected":false},"author":1,"featured_media":0,"parent":0,"menu_order":0,"comment_status":"closed","ping_status":"open","template":"","meta":{"give_campaign_id":0,"footnotes":""},"class_list":["post-4904","page","type-page","status-publish","hentry"],"campaignId":"","_links":{"self":[{"href":"https:\/\/congopeacenetwork.org\/index.php?rest_route=\/wp\/v2\/pages\/4904","targetHints":{"allow":["GET"]}}],"collection":[{"href":"https:\/\/congopeacenetwork.org\/index.php?rest_route=\/wp\/v2\/pages"}],"about":[{"href":"https:\/\/congopeacenetwork.org\/index.php?rest_route=\/wp\/v2\/types\/page"}],"author":[{"embeddable":true,"href":"https:\/\/congopeacenetwork.org\/index.php?rest_route=\/wp\/v2\/users\/1"}],"replies":[{"embeddable":true,"href":"https:\/\/congopeacenetwork.org\/index.php?rest_route=%2Fwp%2Fv2%2Fcomments&post=4904"}],"version-history":[{"count":19,"href":"https:\/\/congopeacenetwork.org\/index.php?rest_route=\/wp\/v2\/pages\/4904\/revisions"}],"predecessor-version":[{"id":5147,"href":"https:\/\/congopeacenetwork.org\/index.php?rest_route=\/wp\/v2\/pages\/4904\/revisions\/5147"}],"wp:attachment":[{"href":"https:\/\/congopeacenetwork.org\/index.php?rest_route=%2Fwp%2Fv2%2Fmedia&parent=4904"}],"curies":[{"name":"wp","href":"https:\/\/api.w.org\/{rel}","templated":true}]}}